{"id":6758,"date":"2023-06-20T15:22:48","date_gmt":"2023-06-20T18:22:48","guid":{"rendered":"https:\/\/homolog.grupounico.com\/?page_id=6758"},"modified":"2023-06-23T17:23:02","modified_gmt":"2023-06-23T20:23:02","slug":"nossas-acoes-sociais","status":"publish","type":"page","link":"https:\/\/homolog.grupounico.com\/index.php\/nossas-acoes-sociais\/","title":{"rendered":"NOSSAS A\u00c7\u00d5ES SOCIAIS"},"content":{"rendered":"\t\t<div data-elementor-type=\"wp-page\" data-elementor-id=\"6758\" class=\"elementor elementor-6758\">\n\t\t\t\t\t\t\t\t\t<section class=\"elementor-section elementor-top-section elementor-element elementor-element-3a52ae6 elementor-section-height-min-height elementor-section-content-space-around elementor-section-boxed elementor-section-height-default elementor-section-items-middle exad-glass-effect-no exad-sticky-section-no\" data-id=\"3a52ae6\" data-element_type=\"section\" data-settings=\"{&quot;background_background&quot;:&quot;classic&quot;}\">\n\t\t\t\t\t\t<div class=\"elementor-container elementor-column-gap-default\">\n\t\t\t\t\t<div class=\"elementor-column elementor-col-33 elementor-top-column elementor-element elementor-element-f157df0 exad-glass-effect-no exad-sticky-section-no\" data-id=\"f157df0\" data-element_type=\"column\">\n\t\t\t<div class=\"elementor-widget-wrap elementor-element-populated\">\n\t\t\t\t\t\t\t\t<div class=\"elementor-element elementor-element-8c8b627 exad-sticky-section-no exad-glass-effect-no elementor-widget elementor-widget-text-editor\" data-id=\"8c8b627\" data-element_type=\"widget\" data-widget_type=\"text-editor.default\">\n\t\t\t\t<div class=\"elementor-widget-container\">\n\t\t\t<style>\/*! elementor - v3.11.0 - 13-02-2023 *\/\n.elementor-widget-text-editor.elementor-drop-cap-view-stacked .elementor-drop-cap{background-color:#818a91;color:#fff}.elementor-widget-text-editor.elementor-drop-cap-view-framed .elementor-drop-cap{color:#818a91;border:3px solid;background-color:transparent}.elementor-widget-text-editor:not(.elementor-drop-cap-view-default) .elementor-drop-cap{margin-top:8px}.elementor-widget-text-editor:not(.elementor-drop-cap-view-default) .elementor-drop-cap-letter{width:1em;height:1em}.elementor-widget-text-editor .elementor-drop-cap{float:left;text-align:center;line-height:1;font-size:50px}.elementor-widget-text-editor .elementor-drop-cap-letter{display:inline-block}<\/style>\t\t\t\t<p>Acreditamos que o Grupo pode fazer mais pela sociedade e contribuir para o desenvolvimento das pessoas, por isso apoiamos frequentemente\u00a0a Creche Vinde a Mim as Criancinhas e a marca Puket possui o Projeto Meias do Bem. Fique por dentro de nossas a\u00e7\u00f5es e conhe\u00e7a mais os projetos ao lado!<\/p>\t\t\t\t\t\t<\/div>\n\t\t\t\t<\/div>\n\t\t\t\t\t<\/div>\n\t\t<\/div>\n\t\t\t\t<div class=\"elementor-column elementor-col-33 elementor-top-column elementor-element elementor-element-55e1b76 exad-glass-effect-no exad-sticky-section-no\" data-id=\"55e1b76\" data-element_type=\"column\" data-settings=\"{&quot;background_background&quot;:&quot;classic&quot;}\">\n\t\t\t<div class=\"elementor-widget-wrap elementor-element-populated\">\n\t\t\t\t\t\t\t\t<div class=\"elementor-element elementor-element-74267ea exad-sticky-section-no exad-glass-effect-no elementor-widget elementor-widget-heading\" data-id=\"74267ea\" data-element_type=\"widget\" data-widget_type=\"heading.default\">\n\t\t\t\t<div class=\"elementor-widget-container\">\n\t\t\t<style>\/*! elementor - v3.11.0 - 13-02-2023 *\/\n.elementor-heading-title{padding:0;margin:0;line-height:1}.elementor-widget-heading .elementor-heading-title[class*=elementor-size-]>a{color:inherit;font-size:inherit;line-height:inherit}.elementor-widget-heading .elementor-heading-title.elementor-size-small{font-size:15px}.elementor-widget-heading .elementor-heading-title.elementor-size-medium{font-size:19px}.elementor-widget-heading .elementor-heading-title.elementor-size-large{font-size:29px}.elementor-widget-heading .elementor-heading-title.elementor-size-xl{font-size:39px}.elementor-widget-heading .elementor-heading-title.elementor-size-xxl{font-size:59px}<\/style><h2 class=\"elementor-heading-title elementor-size-default\">Creche Vinde a Mim\nas Criancinhas<\/h2>\t\t<\/div>\n\t\t\t\t<\/div>\n\t\t\t\t<div class=\"elementor-element elementor-element-21b2e75 exad-sticky-section-no exad-glass-effect-no elementor-widget elementor-widget-text-editor\" data-id=\"21b2e75\" data-element_type=\"widget\" data-widget_type=\"text-editor.default\">\n\t\t\t\t<div class=\"elementor-widget-container\">\n\t\t\t\t\t\t\t<p>Nossa contribui\u00e7\u00e3o para a CVM \u00e9 constante. Para eles doamos todos os nossos itens de perda, assim possibilitando a arrecada\u00e7\u00e3o de fundos para manter as iniciativas da institui\u00e7\u00e3o.<\/p>\t\t\t\t\t\t<\/div>\n\t\t\t\t<\/div>\n\t\t\t\t<section class=\"elementor-section elementor-inner-section elementor-element elementor-element-45563c1 elementor-section-boxed elementor-section-height-default elementor-section-height-default exad-glass-effect-no exad-sticky-section-no\" data-id=\"45563c1\" data-element_type=\"section\">\n\t\t\t\t\t\t<div class=\"elementor-container elementor-column-gap-default\">\n\t\t\t\t\t<div class=\"elementor-column elementor-col-50 elementor-inner-column elementor-element elementor-element-05ac0d7 exad-glass-effect-no exad-sticky-section-no\" data-id=\"05ac0d7\" data-element_type=\"column\">\n\t\t\t<div class=\"elementor-widget-wrap elementor-element-populated\">\n\t\t\t\t\t\t\t\t<div class=\"elementor-element elementor-element-917a895 exad-sticky-section-no exad-glass-effect-no elementor-widget elementor-widget-exad-modal-popup\" data-id=\"917a895\" data-element_type=\"widget\" data-settings=\"{&quot;_animation&quot;:&quot;none&quot;,&quot;_animation_delay&quot;:0}\" data-widget_type=\"exad-modal-popup.default\">\n\t\t\t\t<div class=\"elementor-widget-container\">\n\t\t\t\t\t\n\t\t<div class=\"exad-modal\">\n\t\t\t<div class=\"exad-modal-wrapper\">\n\n\t\t\t\t<div class=\"exad-modal-button exad-modal-btn-fixed-width-\">\n\t\t\t\t\t<a href=\"#\" class=\"exad-modal-image-action image-modal\" data-exad-modal=\"#exad-modal-917a895\" data-exad-overlay=\"yes\" >\n\t\t\t\t\t\t<span class=\"exad-modal-action-icon-\">\n\t\t\t\t\t\t\tLEIA MAIS\t\t\t\t\t\t<\/span>\n\t\t\t\t\t<\/a>\n\t\t\t\t<\/div>\n\t\t\n\t\t\t\t<div id=\"exad-modal-917a895\" class=\"exad-modal-item modal-vimeo top-to-middle shortcode exad-content-overflow-x-yes exad-content-overflow-y-yes\" >\n\t\t\t\t\t<div class=\"exad-modal-content\">\n\t\t\t\t\t\t<div class=\"exad-modal-element \">\n\t\t\t\t\t\t\t\t\t<div data-elementor-type=\"wp-post\" data-elementor-id=\"6191\" class=\"elementor elementor-6191\">\n\t\t\t\t\t\t\t\t\t<section class=\"elementor-section elementor-top-section elementor-element elementor-element-dbd199d elementor-section-full_width elementor-section-height-default elementor-section-height-default exad-glass-effect-no exad-sticky-section-no\" data-id=\"dbd199d\" data-element_type=\"section\" data-settings=\"{&quot;background_background&quot;:&quot;classic&quot;}\">\n\t\t\t\t\t\t<div class=\"elementor-container elementor-column-gap-default\">\n\t\t\t\t\t<div class=\"elementor-column elementor-col-100 elementor-top-column elementor-element elementor-element-8ff1a94 exad-glass-effect-no exad-sticky-section-no\" data-id=\"8ff1a94\" data-element_type=\"column\">\n\t\t\t<div class=\"elementor-widget-wrap elementor-element-populated\">\n\t\t\t\t\t\t\t\t<div class=\"elementor-element elementor-element-6b40fcb exad-sticky-section-no exad-glass-effect-no elementor-widget elementor-widget-heading\" data-id=\"6b40fcb\" data-element_type=\"widget\" data-widget_type=\"heading.default\">\n\t\t\t\t<div class=\"elementor-widget-container\">\n\t\t\t<h2 class=\"elementor-heading-title elementor-size-default\">CRECHE VINDE A MIM AS CRIANCINHAS\n<\/h2>\t\t<\/div>\n\t\t\t\t<\/div>\n\t\t\t\t<div class=\"elementor-element elementor-element-1dbc3e8 exad-sticky-section-no exad-glass-effect-no elementor-widget elementor-widget-text-editor\" data-id=\"1dbc3e8\" data-element_type=\"widget\" data-widget_type=\"text-editor.default\">\n\t\t\t\t<div class=\"elementor-widget-container\">\n\t\t\t\t\t\t\t<p><span style=\"color: #2d2d2d; font-size: 16px;\">Em Santa Catarina apoiamos a Creche Vinde a Mim as Criancinhas. A creche foi fundada em 1\u00ba de novembro de 1978 para ajudar as crian\u00e7as, adolescentes e adultos abandonados e com risco social.<\/span><\/p>\t\t\t\t\t\t<\/div>\n\t\t\t\t<\/div>\n\t\t\t\t<div class=\"elementor-element elementor-element-d160618 exad-sticky-section-no exad-glass-effect-no elementor-widget elementor-widget-text-editor\" data-id=\"d160618\" data-element_type=\"widget\" data-widget_type=\"text-editor.default\">\n\t\t\t\t<div class=\"elementor-widget-container\">\n\t\t\t\t\t\t\t<p><span style=\"color: rgb(45, 45, 45); font-size: 16px; font-family: var( --e-global-typography-text-font-family ), Sans-serif; font-weight: var( --e-global-typography-text-font-weight ); background-color: var( --e-global-color-astglobalcolor5 );\">Hoje a institui\u00e7\u00e3o oferece:<\/span><br><\/p>\n<ul style=\"font-size: 15px; font-style: normal; font-weight: 400;\">\n<li style=\"font-size: 15px;\"><span style=\"color: rgb(45, 45, 45); font-size: 16px;\">Educa\u00e7\u00e3o Infantil (Creche e pr\u00e9-escola) (atende crian\u00e7as de 2 a 5 anos).<\/span><\/li>\n<li style=\"font-size: 15px;\"><span style=\"color: rgb(45, 45, 45);\"><span style=\"font-size: 16px;\">Projeto Conviv\u00eancia\/Educa\u00e7\u00e3o Complementar (atende crian\u00e7as de 6 a 8 anos \u2013 Contraturno Escolar).&nbsp;<\/span><\/span><\/li>\n<li style=\"font-size: 15px;\"><span style=\"color: rgb(45, 45, 45);\"><span style=\"font-size: 16px;\">Projeto de socializa\u00e7\u00e3o com idosos em situa\u00e7\u00e3o de Asilo. Inclus\u00e3o (Rob\u00f3tica e Inform\u00e1tica), entre outros.<\/span><\/span><\/li><\/ul>\t\t\t\t\t\t<\/div>\n\t\t\t\t<\/div>\n\t\t\t\t<div class=\"elementor-element elementor-element-026c584 exad-sticky-section-no exad-glass-effect-no elementor-widget elementor-widget-text-editor\" data-id=\"026c584\" data-element_type=\"widget\" data-widget_type=\"text-editor.default\">\n\t\t\t\t<div class=\"elementor-widget-container\">\n\t\t\t\t\t\t\t<p><span style=\"color: rgb(45, 45, 45); font-size: 16px;\">Nossa contribui\u00e7\u00e3o para a CVM \u00e9 constante. Para eles doamos todos os nossos itens de perdaS. Muitas vezes, os defeitos que impossibilitam a venda desses produtos nas nossas lojas podem ser consertados, e \u00e9 o que a institui\u00e7\u00e3o faz. Ap\u00f3s descaracterizar os produtos e consertar o que \u00e9 poss\u00edvel, eles abrem um grande bazar e assim arrecadam fundos para manter as iniciativas da institui\u00e7\u00e3o.<\/span><br><\/p>\t\t\t\t\t\t<\/div>\n\t\t\t\t<\/div>\n\t\t\t\t\t<\/div>\n\t\t<\/div>\n\t\t\t\t\t\t\t<\/div>\n\t\t<\/section>\n\t\t\t\t\t\t\t<\/div>\n\t\t\n\t\t\t\t\t\t\t<div class=\"exad-close-btn\">\n\t\t\t\t\t\t\t\t<span><\/span>\n\t\t\t\t\t\t\t<\/div>\n\n\t\t\t\t\t\t<\/div>\n\t\t\t\t\t<\/div>\n\t\t\t\t<\/div>\n\t\t\t<\/div>\n\t\t\t<div class=\"exad-modal-overlay\" data-exad_overlay_click_close=\"yes\"><\/div>\n\t\t<\/div>\n\t\t\t<\/div>\n\t\t\t\t<\/div>\n\t\t\t\t\t<\/div>\n\t\t<\/div>\n\t\t\t\t<div class=\"elementor-column elementor-col-50 elementor-inner-column elementor-element elementor-element-f822d24 exad-glass-effect-no exad-sticky-section-no\" data-id=\"f822d24\" data-element_type=\"column\">\n\t\t\t<div class=\"elementor-widget-wrap elementor-element-populated\">\n\t\t\t\t\t\t\t\t<div class=\"elementor-element elementor-element-95e2ddc elementor-align-center exad-sticky-section-no exad-glass-effect-no elementor-widget elementor-widget-button\" data-id=\"95e2ddc\" data-element_type=\"widget\" data-widget_type=\"button.default\">\n\t\t\t\t<div class=\"elementor-widget-container\">\n\t\t\t\t\t<div class=\"elementor-button-wrapper\">\n\t\t\t<a href=\"https:\/\/www.grupounico.com\/wp-content\/uploads\/2022\/06\/FOLDER-CVM-2021-UNI.CO_.pdf\" class=\"elementor-button-link elementor-button elementor-size-sm\" role=\"button\">\n\t\t\t\t\t\t<span class=\"elementor-button-content-wrapper\">\n\t\t\t\t\t\t<span class=\"elementor-button-text\">SOBRE A A\u00c7\u00c3O<\/span>\n\t\t<\/span>\n\t\t\t\t\t<\/a>\n\t\t<\/div>\n\t\t\t\t<\/div>\n\t\t\t\t<\/div>\n\t\t\t\t\t<\/div>\n\t\t<\/div>\n\t\t\t\t\t\t\t<\/div>\n\t\t<\/section>\n\t\t\t\t\t<\/div>\n\t\t<\/div>\n\t\t\t\t<div class=\"elementor-column elementor-col-33 elementor-top-column elementor-element elementor-element-cb2ebdf exad-glass-effect-no exad-sticky-section-no\" data-id=\"cb2ebdf\" data-element_type=\"column\" data-settings=\"{&quot;background_background&quot;:&quot;classic&quot;}\">\n\t\t\t<div class=\"elementor-widget-wrap elementor-element-populated\">\n\t\t\t\t\t\t\t\t<div class=\"elementor-element elementor-element-df439ea exad-sticky-section-no exad-glass-effect-no elementor-widget elementor-widget-heading\" data-id=\"df439ea\" data-element_type=\"widget\" data-widget_type=\"heading.default\">\n\t\t\t\t<div class=\"elementor-widget-container\">\n\t\t\t<h2 class=\"elementor-heading-title elementor-size-default\">Puket apresenta:\n\nMeias do Bem<\/h2>\t\t<\/div>\n\t\t\t\t<\/div>\n\t\t\t\t<div class=\"elementor-element elementor-element-2ecd607 exad-sticky-section-no exad-glass-effect-no elementor-widget elementor-widget-text-editor\" data-id=\"2ecd607\" data-element_type=\"widget\" data-widget_type=\"text-editor.default\">\n\t\t\t\t<div class=\"elementor-widget-container\">\n\t\t\t\t\t\t\t<p>Mais que um projeto social, \u00e9 um projeto sustent\u00e1vel. A Puket transforma meias velhas e usadas em cobertores, doando para aqueles que mais precisam.<\/p>\t\t\t\t\t\t<\/div>\n\t\t\t\t<\/div>\n\t\t\t\t<section class=\"elementor-section elementor-inner-section elementor-element elementor-element-e23be42 elementor-section-boxed elementor-section-height-default elementor-section-height-default exad-glass-effect-no exad-sticky-section-no\" data-id=\"e23be42\" data-element_type=\"section\">\n\t\t\t\t\t\t<div class=\"elementor-container elementor-column-gap-default\">\n\t\t\t\t\t<div class=\"elementor-column elementor-col-50 elementor-inner-column elementor-element elementor-element-3105f1f exad-glass-effect-no exad-sticky-section-no\" data-id=\"3105f1f\" data-element_type=\"column\">\n\t\t\t<div class=\"elementor-widget-wrap elementor-element-populated\">\n\t\t\t\t\t\t\t\t<div class=\"elementor-element elementor-element-ddb7a3d exad-sticky-section-no exad-glass-effect-no elementor-widget elementor-widget-exad-modal-popup\" data-id=\"ddb7a3d\" data-element_type=\"widget\" data-settings=\"{&quot;_animation&quot;:&quot;none&quot;,&quot;_animation_delay&quot;:0}\" data-widget_type=\"exad-modal-popup.default\">\n\t\t\t\t<div class=\"elementor-widget-container\">\n\t\t\t\t\t\n\t\t<div class=\"exad-modal\">\n\t\t\t<div class=\"exad-modal-wrapper\">\n\n\t\t\t\t<div class=\"exad-modal-button exad-modal-btn-fixed-width-\">\n\t\t\t\t\t<a href=\"#\" class=\"exad-modal-image-action image-modal\" data-exad-modal=\"#exad-modal-ddb7a3d\" data-exad-overlay=\"yes\" >\n\t\t\t\t\t\t<span class=\"exad-modal-action-icon-\">\n\t\t\t\t\t\t\tLEIA MAIS\t\t\t\t\t\t<\/span>\n\t\t\t\t\t<\/a>\n\t\t\t\t<\/div>\n\t\t\n\t\t\t\t<div id=\"exad-modal-ddb7a3d\" class=\"exad-modal-item modal-vimeo top-to-middle shortcode exad-content-overflow-x-yes exad-content-overflow-y-yes\" >\n\t\t\t\t\t<div class=\"exad-modal-content\">\n\t\t\t\t\t\t<div class=\"exad-modal-element \">\n\t\t\t\t\t\t\t\t\t<div data-elementor-type=\"wp-post\" data-elementor-id=\"6229\" class=\"elementor elementor-6229\">\n\t\t\t\t\t\t\t\t\t<section class=\"elementor-section elementor-top-section elementor-element elementor-element-dbd199d elementor-section-full_width elementor-section-height-default elementor-section-height-default exad-glass-effect-no exad-sticky-section-no\" data-id=\"dbd199d\" data-element_type=\"section\" data-settings=\"{&quot;background_background&quot;:&quot;classic&quot;}\">\n\t\t\t\t\t\t<div class=\"elementor-container elementor-column-gap-default\">\n\t\t\t\t\t<div class=\"elementor-column elementor-col-100 elementor-top-column elementor-element elementor-element-8ff1a94 exad-glass-effect-no exad-sticky-section-no\" data-id=\"8ff1a94\" data-element_type=\"column\">\n\t\t\t<div class=\"elementor-widget-wrap elementor-element-populated\">\n\t\t\t\t\t\t\t\t<div class=\"elementor-element elementor-element-6b40fcb exad-sticky-section-no exad-glass-effect-no elementor-widget elementor-widget-heading\" data-id=\"6b40fcb\" data-element_type=\"widget\" data-widget_type=\"heading.default\">\n\t\t\t\t<div class=\"elementor-widget-container\">\n\t\t\t<h2 class=\"elementor-heading-title elementor-size-default\">MEIAS DO BEM<\/h2>\t\t<\/div>\n\t\t\t\t<\/div>\n\t\t\t\t<div class=\"elementor-element elementor-element-d160618 exad-sticky-section-no exad-glass-effect-no elementor-widget elementor-widget-text-editor\" data-id=\"d160618\" data-element_type=\"widget\" data-widget_type=\"text-editor.default\">\n\t\t\t\t<div class=\"elementor-widget-container\">\n\t\t\t\t\t\t\t<p><span style=\"color: #2d2d2d; font-size: 16px;\">Nosso projeto na Puket \u00e9 o Meias do Bem. Surgiu a alguns anos com a ideia de reciclar os retalhos das meias e as meias com furos, rasgos e sem par, para a confec\u00e7\u00e3o de cobertores.<\/span><\/p>\t\t\t\t\t\t<\/div>\n\t\t\t\t<\/div>\n\t\t\t\t<div class=\"elementor-element elementor-element-426a4b6 exad-sticky-section-no exad-glass-effect-no elementor-widget elementor-widget-text-editor\" data-id=\"426a4b6\" data-element_type=\"widget\" data-widget_type=\"text-editor.default\">\n\t\t\t\t<div class=\"elementor-widget-container\">\n\t\t\t\t\t\t\t<p><span style=\"color: #2d2d2d; font-size: medium;\">A cada 40 pares de meias \u00e9 poss\u00edvel fazer um cobertor e mais um par de meias. Distribu\u00edmos essas cobertas para mais de 150 institui\u00e7\u00f5es de caridade em todo o pa\u00eds. Al\u00e9m disso, temos parceria com os Anjos da Noite, na qual, no inverno em S\u00e3o Paulo, sa\u00edmos distribuindo pelas ruas e doando para aqueles que precisam.<\/span><\/p>\t\t\t\t\t\t<\/div>\n\t\t\t\t<\/div>\n\t\t\t\t<div class=\"elementor-element elementor-element-e75d804 exad-sticky-section-no exad-glass-effect-no elementor-widget elementor-widget-text-editor\" data-id=\"e75d804\" data-element_type=\"widget\" data-widget_type=\"text-editor.default\">\n\t\t\t\t<div class=\"elementor-widget-container\">\n\t\t\t\t\t\t\t<div tabindex=\"0\" style=\"font-family: Barlow, sans-serif; color: rgb(45, 45, 45); outline: 0px;\"><p style=\"font-size: 16px;\"><span style=\"line-height: 1.5;\">Meias do Bem n\u00e3o \u00e9 apenas um projeto social, mas tamb\u00e9m um projeto sustent\u00e1vel! Onde d\u00e1 destino as meias que muitas vezes s\u00e3o descartadas e est\u00e3o demorando para se decompor no meio ambiente.<\/span><\/p><\/div>\t\t\t\t\t\t<\/div>\n\t\t\t\t<\/div>\n\t\t\t\t\t<\/div>\n\t\t<\/div>\n\t\t\t\t\t\t\t<\/div>\n\t\t<\/section>\n\t\t\t\t\t\t\t<\/div>\n\t\t\n\t\t\t\t\t\t\t<div class=\"exad-close-btn\">\n\t\t\t\t\t\t\t\t<span><\/span>\n\t\t\t\t\t\t\t<\/div>\n\n\t\t\t\t\t\t<\/div>\n\t\t\t\t\t<\/div>\n\t\t\t\t<\/div>\n\t\t\t<\/div>\n\t\t\t<div class=\"exad-modal-overlay\" data-exad_overlay_click_close=\"yes\"><\/div>\n\t\t<\/div>\n\t\t\t<\/div>\n\t\t\t\t<\/div>\n\t\t\t\t\t<\/div>\n\t\t<\/div>\n\t\t\t\t<div class=\"elementor-column elementor-col-50 elementor-inner-column elementor-element elementor-element-75b7ed7 exad-glass-effect-no exad-sticky-section-no\" data-id=\"75b7ed7\" data-element_type=\"column\">\n\t\t\t<div class=\"elementor-widget-wrap elementor-element-populated\">\n\t\t\t\t\t\t\t\t<div class=\"elementor-element elementor-element-7c17e7e elementor-align-center exad-sticky-section-no exad-glass-effect-no elementor-widget elementor-widget-button\" data-id=\"7c17e7e\" data-element_type=\"widget\" data-widget_type=\"button.default\">\n\t\t\t\t<div class=\"elementor-widget-container\">\n\t\t\t\t\t<div class=\"elementor-button-wrapper\">\n\t\t\t<a href=\"https:\/\/www.youtube.com\/watch?v=AZ4s5zqlJf8\" target=\"_blank\" class=\"elementor-button-link elementor-button elementor-size-sm\" role=\"button\">\n\t\t\t\t\t\t<span class=\"elementor-button-content-wrapper\">\n\t\t\t\t\t\t<span class=\"elementor-button-text\">VEJA O V\u00cdDEO<\/span>\n\t\t<\/span>\n\t\t\t\t\t<\/a>\n\t\t<\/div>\n\t\t\t\t<\/div>\n\t\t\t\t<\/div>\n\t\t\t\t\t<\/div>\n\t\t<\/div>\n\t\t\t\t\t\t\t<\/div>\n\t\t<\/section>\n\t\t\t\t\t<\/div>\n\t\t<\/div>\n\t\t\t\t\t\t\t<\/div>\n\t\t<\/section>\n\t\t\t\t\t\t\t<\/div>\n\t\t","protected":false},"excerpt":{"rendered":"<p>Acreditamos que o Grupo pode fazer mais pela sociedade e contribuir para o desenvolvimento das pessoas, por isso apoiamos frequentemente\u00a0a Creche Vinde a Mim as Criancinhas e a marca Puket possui o Projeto Meias do Bem. Fique por dentro de nossas a\u00e7\u00f5es e conhe\u00e7a mais os projetos ao lado! Creche Vinde a Mim as Criancinhas &hellip;<\/p>\n<p class=\"read-more\"> <a class=\"\" href=\"https:\/\/homolog.grupounico.com\/index.php\/nossas-acoes-sociais\/\"> <span class=\"screen-reader-text\">NOSSAS A\u00c7\u00d5ES SOCIAIS<\/span> Leia mais &raquo;<\/a><\/p>\n","protected":false},"author":362,"featured_media":0,"parent":0,"menu_order":0,"comment_status":"closed","ping_status":"closed","template":"","meta":{"site-sidebar-layout":"no-sidebar","site-content-layout":"page-builder","ast-global-header-display":"","ast-main-header-display":"","ast-hfb-above-header-display":"","ast-hfb-below-header-display":"","ast-hfb-mobile-header-display":"","site-post-title":"disabled","ast-breadcrumbs-content":"","ast-featured-img":"disabled","footer-sml-layout":"","theme-transparent-header-meta":"","adv-header-id-meta":"","stick-header-meta":"","header-above-stick-meta":"","header-main-stick-meta":"","header-below-stick-meta":"","footnotes":""},"class_list":["post-6758","page","type-page","status-publish","hentry"],"_links":{"self":[{"href":"https:\/\/homolog.grupounico.com\/index.php\/wp-json\/wp\/v2\/pages\/6758","targetHints":{"allow":["GET"]}}],"collection":[{"href":"https:\/\/homolog.grupounico.com\/index.php\/wp-json\/wp\/v2\/pages"}],"about":[{"href":"https:\/\/homolog.grupounico.com\/index.php\/wp-json\/wp\/v2\/types\/page"}],"author":[{"embeddable":true,"href":"https:\/\/homolog.grupounico.com\/index.php\/wp-json\/wp\/v2\/users\/362"}],"replies":[{"embeddable":true,"href":"https:\/\/homolog.grupounico.com\/index.php\/wp-json\/wp\/v2\/comments?post=6758"}],"version-history":[{"count":73,"href":"https:\/\/homolog.grupounico.com\/index.php\/wp-json\/wp\/v2\/pages\/6758\/revisions"}],"predecessor-version":[{"id":7055,"href":"https:\/\/homolog.grupounico.com\/index.php\/wp-json\/wp\/v2\/pages\/6758\/revisions\/7055"}],"wp:attachment":[{"href":"https:\/\/homolog.grupounico.com\/index.php\/wp-json\/wp\/v2\/media?parent=6758"}],"curies":[{"name":"wp","href":"https:\/\/api.w.org\/{rel}","templated":true}]}}